{"id":44,"date":"2019-02-21T14:20:21","date_gmt":"2019-02-21T13:20:21","guid":{"rendered":"https:\/\/www.lamaisonbleue-de-marie.fr\/?page_id=44"},"modified":"2025-08-06T19:10:10","modified_gmt":"2025-08-06T17:10:10","slug":"tarifs-localisation","status":"publish","type":"page","link":"https:\/\/www.lamaisonbleue-de-marie.fr\/index.php\/tarifs-localisation\/","title":{"rendered":"Tarifs &#8211; Localisation"},"content":{"rendered":"<p>[smartslider3 slider=6]<\/p>\n\n\n\n<hr class=\"wp-block-separator has-css-opacity\"\/>\n\n\n\n<p class=\"has-large-font-size\">Tarifs 2025 &#8211; la semaine&nbsp;<\/p>\n\n\n\n<figure class=\"wp-block-table\"><table><tbody><tr><td> <strong>  <\/strong><\/td><td><\/td><\/tr><tr><td><strong>Hors  Saison<\/strong>&nbsp;&nbsp;: <br> du 4 janvier au 7 f\u00e9vrier<br> du 8 mars au 4 avril<br> du 10 au 23 mai <br> du&nbsp;27 septembre au 17 octobre<br> du&nbsp;1 novembre au 19 d\u00e9cembre<\/td><td><strong>354&nbsp;\u20ac<\/strong><\/td><\/tr><tr><td><strong>Moyenne   Saison<\/strong>&nbsp;: &nbsp;<br> du 8 f\u00e9vrier au 7 mars<br> du 5 avril au 9 mai<br> du 24 mai au 4 juillet<br> du 30 ao\u00fbt au 26 septembre<br> du 18 au 31 octobre<\/td><td><strong>378&nbsp;\u20ac<\/strong><\/td><\/tr><tr><td> du 5 avril au 9 mai<br> du 24 mai au 4 juillet <\/td><td><strong>389 \u20ac<\/strong><\/td><\/tr><tr><td><strong>Haute  Saison<\/strong>&nbsp;: <br> &nbsp;du 5 juillet au 29  ao\u00fbt<\/td><td><strong> 431 \u20ac<\/strong><\/td><\/tr><tr><td><strong>Vacances  Scolaires No\u00ebl<\/strong> :<br> &nbsp;&nbsp;du&nbsp;20 d\u00e9cembre au 2 janvier 2026<\/td><td><strong>378\u20ac<\/strong><\/td><\/tr><\/tbody><\/table><\/figure>\n\n\n\n<p class=\"has-very-dark-gray-color has-text-color has-background has-normal-font-size\" style=\"background-color:#e7f9c5\">Pour les tarifs de location de courte dur\u00e9e, merci de vous rendre sur le site des G\u00eetes de France Allier &#8211; G\u00eete n\u00b0 G.11337<\/p>\n\n\n\n<p class=\"has-normal-font-size\"><strong>Les r\u00e9servations en ligne et la v\u00e9rification de la disponibilit\u00e9 du g\u00eete s&rsquo;effectuent directement sur le site G\u00eete de France Allier (r\u00e9f. g\u00eete G.11337).<\/strong><\/p>\n\n\n\n<p class=\"has-normal-font-size\"><strong>Pour r\u00e9server par t\u00e9l\u00e9phone, prendre contact au 06 10 08 91 85 ou par Email : <\/strong><em><a href=\"mailto:jacquet.annie@sfr.fr\"><strong>jacquet.annie@sfr.<\/strong><\/a><\/em><\/p>\n\n\n\n<p class=\"has-large-font-size\">Localisation <\/p>\n\n\n\n<p style=\"font-size:18px\"><strong>Deneuille les Mines<\/strong> est une commune essentiellement rurale de 350 habitants. Elle poss\u00e8de une \u00e9glise romane construite en gr\u00e9 rouge et calcaire \u00e0 la fin du XII\u00e8me si\u00e8cle, d\u00e9di\u00e9e \u00e0 Saint-Martial 1er \u00e9v\u00eaque de Limoges. Un filon d&rsquo;anthracite a \u00e9t\u00e9 exploit\u00e9 pendant pr\u00e8s de 100 ans jusqu&rsquo;an 1952, notamment dans la for\u00eat de la Suave.  Apr\u00e8s cette date : nombreuses r\u00e9ouvertures et fermetures de la mine. <\/p>\n\n\n\n<p style=\"font-size:18px\">Avec une agence postale et un d\u00e9p\u00f4t de pains, Deneuille les Mines est proche des communes de Villefranche d&rsquo;Allier (7 km), Doyet (6 km) et Cosne d&rsquo;Allier (12 km) o\u00f9 tous les commerces sont repr\u00e9sent\u00e9s avec Docteurs et pharmarcies. Les villes les plus proches sont Commentry \u00e0 15 km, Montlu\u00e7on 20 km. A 100 km se trouve l&rsquo;a\u00e9roport d&rsquo;Aulnat (proche de Clermont-Ferrand).<\/p>\n\n\n\n<p class=\"has-very-dark-gray-color has-text-color has-medium-font-size\"><a aria-label=\"www.deneuille-les-mines.fr (s\u2019ouvre dans un nouvel onglet)\" href=\"http:\/\/www.deneuille-les-mines.fr\/\" target=\"_blank\" rel=\"noreferrer noopener\">www.deneuille-les-mines.fr<\/a><\/p>\n\n\n\n<p class=\"has-large-font-size\">Coordonn\u00e9es G.P.S.<\/p>\n\n\n\n<p><a href=\"http:\/\/www.coordonneesgps.net\/coordonnees-gps\/?lat=0.000000&amp;long=0.000000\">http:\/\/www.coordonneesgps.net\/coordonnees-gps\/?lat=0.000000&amp;long=0.000000<\/a> <\/p>\n\n\n<p><iframe loading=\"lazy\" width=\"100%\" height=\"400\" src=\"https:\/\/www.google.com\/maps\/embed?pb=!1m14!1m8!1m3!1d11009.71675950134!2d2.7778853!3d46.380712!3m2!1i1024!2i768!4f13.1!3m3!1m2!1s0x0%3A0x30718d1d50770946!2sLa+Maison+Bleue+de+Marie!5e0!3m2!1sfr!2sfr!4v1551880926713\" frameborder=\"0\" allowfullscreen=\"\" style=\"border:0\"><\/iframe><\/p>\n","protected":false},"excerpt":{"rendered":"<div class=\"slide-text-bg2\"><span>Tarifs 2025 &#8211; la semaine&nbsp; Hors Saison&nbsp;&nbsp;: du 4 janvier au 7 f\u00e9vrier du 8 mars au 4 avril du 10 au 23 mai du&nbsp;27 septembre au 17 oc<\/span><\/div>\n<div class=\"slide-btn-area-sm\"><a href=\"https:\/\/www.lamaisonbleue-de-marie.fr\/index.php\/tarifs-localisation\/\" class=\"slide-btn-sm\">Lire la suite<\/a><\/div>\n","protected":false},"author":1,"featured_media":0,"parent":0,"menu_order":0,"comment_status":"closed","ping_status":"closed","template":"","meta":{"footnotes":""},"_links":{"self":[{"href":"https:\/\/www.lamaisonbleue-de-marie.fr\/index.php\/wp-json\/wp\/v2\/pages\/44"}],"collection":[{"href":"https:\/\/www.lamaisonbleue-de-marie.fr\/index.php\/wp-json\/wp\/v2\/pages"}],"about":[{"href":"https:\/\/www.lamaisonbleue-de-marie.fr\/index.php\/wp-json\/wp\/v2\/types\/page"}],"author":[{"embeddable":true,"href":"https:\/\/www.lamaisonbleue-de-marie.fr\/index.php\/wp-json\/wp\/v2\/users\/1"}],"replies":[{"embeddable":true,"href":"https:\/\/www.lamaisonbleue-de-marie.fr\/index.php\/wp-json\/wp\/v2\/comments?post=44"}],"version-history":[{"count":30,"href":"https:\/\/www.lamaisonbleue-de-marie.fr\/index.php\/wp-json\/wp\/v2\/pages\/44\/revisions"}],"predecessor-version":[{"id":345,"href":"https:\/\/www.lamaisonbleue-de-marie.fr\/index.php\/wp-json\/wp\/v2\/pages\/44\/revisions\/345"}],"wp:attachment":[{"href":"https:\/\/www.lamaisonbleue-de-marie.fr\/index.php\/wp-json\/wp\/v2\/media?parent=44"}],"curies":[{"name":"wp","href":"https:\/\/api.w.org\/{rel}","templated":true}]}}