{"id":6,"date":"2019-02-21T10:52:21","date_gmt":"2019-02-21T09:52:21","guid":{"rendered":"https:\/\/www.lamaisonbleue-de-marie.fr\/?page_id=6"},"modified":"2024-01-24T18:21:45","modified_gmt":"2024-01-24T17:21:45","slug":"bienvenue-dans-le-bourbonnais","status":"publish","type":"page","link":"https:\/\/www.lamaisonbleue-de-marie.fr\/","title":{"rendered":"<h1><font size=\"6\">Bienvenue dans le Bourbonnais<\/h1><\/font>"},"content":{"rendered":"<p>[smartslider3 slider=2]<\/p>\n\n\n\n<hr class=\"wp-block-separator has-css-opacity\"\/>\n\n\n\n<p class=\"has-very-dark-gray-color has-text-color\" style=\"font-size:22px\">La Maison bleue de Marie a ouvert ses portes aux vacanciers en juillet 2013 et a obtenu la reconnaissance du label <strong>Gites de France 3 \u00e9pis<\/strong> et du classement <strong>Meubl\u00e9 de tourisme 3 \u00e9toiles <\/strong>(renouvel\u00e9s en mars 2023).<\/p>\n\n\n\n<p class=\"has-medium-font-size\">Cette maison appartient \u00e0 la m\u00eame famille\ndepuis 1880. Elle permet d&rsquo;accueillir deux personnes avec un enfant en bas \u00e2ge.\n<\/p>\n\n\n\n<p class=\"has-medium-font-size\">C&rsquo;est Annie, la propri\u00e9taire actuelle qui,\napr\u00e8s avoir tourn\u00e9 une longue page professionnelle, a choisi de transformer\ncette maison o\u00f9 elle passait ses vacances chez ses grands-parents pour\naccueillir des vacanciers et leur faire d\u00e9couvrir l&rsquo;Allier. <\/p>\n\n\n\n<p class=\"has-medium-font-size\">L&rsquo;int\u00e9rieur de cette petite maison a \u00e9t\u00e9\nrefait avec beaucoup de passion et continue d\u2019\u00eatre am\u00e9lior\u00e9, afin de recevoir\ndans un cadre chaleureux et un confort maximum les personnes qui viennent dans\nle Bourbonnais pour d\u00e9compresser, se reposer et se changer les id\u00e9es. <\/p>\n\n\n\n<p class=\"has-medium-font-size\">Une cour ferm\u00e9e, une terrasse am\u00e9nag\u00e9e pour l&rsquo;\u00e9t\u00e9, un petit parc tr\u00e8s fleuri permettent de profiter pleinement du grand air de l&rsquo;Allier. <\/p>\n\n\n\n<p class=\"has-medium-font-size\">A partir de Deneuille-les-Mines o\u00f9 se situe le g\u00eete, de nombreuses visites dans le d\u00e9partement sont possibles dans la journ\u00e9e (se reporter \u00e0 la page \u00ab&nbsp;A d\u00e9couvrir&nbsp;\u00bb) et les loisirs aux alentours sont nombreux. <\/p>\n","protected":false},"excerpt":{"rendered":"<div class=\"slide-text-bg2\"><span>La Maison bleue de Marie a ouvert ses portes aux vacanciers en juillet 2013 et a obtenu la reconnaissance du label Gites de France 3 \u00e9pis et du classement<\/span><\/div>\n<div class=\"slide-btn-area-sm\"><a href=\"https:\/\/www.lamaisonbleue-de-marie.fr\/\" class=\"slide-btn-sm\">Lire la suite<\/a><\/div>\n","protected":false},"author":1,"featured_media":0,"parent":0,"menu_order":0,"comment_status":"closed","ping_status":"closed","template":"fullwidth.php","meta":{"footnotes":""},"_links":{"self":[{"href":"https:\/\/www.lamaisonbleue-de-marie.fr\/index.php\/wp-json\/wp\/v2\/pages\/6"}],"collection":[{"href":"https:\/\/www.lamaisonbleue-de-marie.fr\/index.php\/wp-json\/wp\/v2\/pages"}],"about":[{"href":"https:\/\/www.lamaisonbleue-de-marie.fr\/index.php\/wp-json\/wp\/v2\/types\/page"}],"author":[{"embeddable":true,"href":"https:\/\/www.lamaisonbleue-de-marie.fr\/index.php\/wp-json\/wp\/v2\/users\/1"}],"replies":[{"embeddable":true,"href":"https:\/\/www.lamaisonbleue-de-marie.fr\/index.php\/wp-json\/wp\/v2\/comments?post=6"}],"version-history":[{"count":34,"href":"https:\/\/www.lamaisonbleue-de-marie.fr\/index.php\/wp-json\/wp\/v2\/pages\/6\/revisions"}],"predecessor-version":[{"id":333,"href":"https:\/\/www.lamaisonbleue-de-marie.fr\/index.php\/wp-json\/wp\/v2\/pages\/6\/revisions\/333"}],"wp:attachment":[{"href":"https:\/\/www.lamaisonbleue-de-marie.fr\/index.php\/wp-json\/wp\/v2\/media?parent=6"}],"curies":[{"name":"wp","href":"https:\/\/api.w.org\/{rel}","templated":true}]}}